{"version":"1.0","provider_name":"Sarolt vil\u00e1ga","provider_url":"https:\/\/saroltvilaga.cafeblog.hu","author_name":"szidike","author_url":"https:\/\/saroltvilaga.cafeblog.hu\/author\/szidianya-2-2\/","title":"Sarolt az oviban","html":"<p>&nbsp;Ilyen(is) az oviban:<\/p><p>Egyik reggel az apja meglepett arccal mes\u00e9lte, miut\u00e1n elvitte a nagyl\u00e1nyt az oviba, hogy amint bement a csoportszob\u00e1ba, egy kisfi\u00fa s\u00edrt, r\u00f6gt\u00f6n odament hozz\u00e1, \u00e9s megk\u00e9rdezte, mi a baj. A t\u00f6rt\u00e9netet majd Sarolt mes\u00e9lte tov\u00e1bb d\u00e9lben, hogy a kisfi\u00fa az\u00e9rt s\u00edrt, mert \"anyakell\", mire \u0150 elmagyar\u00e1zta, hogy az anyuk\u00e1k nem lehetnek az oviban, mert otthon kell f\u0151zzenek, az apuk\u00e1k pedig dolgozzanak kell, \u00e9s nem szabad s\u00edrni, mert az butas\u00e1g. K\u00f6zben kider\u00fclt, hogy az \u00f3v\u00f3n\u00e9ni is kil\u00e9pett egy percre a teremb\u0151l, ez\u00e9rt gondolom a le\u00e1nyz\u00f3 feljogos\u00edtva \u00e9rezte mag\u00e1t arra, hogy \u0151 legyen az aktu\u00e1lis vigasztal\u00f3...:)<br><\/p>","type":"rich"}