{"version":"1.0","provider_name":"Sarolt vil\u00e1ga","provider_url":"https:\/\/saroltvilaga.cafeblog.hu","author_name":"szidike","author_url":"https:\/\/saroltvilaga.cafeblog.hu\/author\/szidianya-2-2\/","title":"Amikt\u0151l s\u00fct a Nap...","html":"<p>&nbsp; - Anya, okos vagy!<\/p><p>&nbsp;- Mi\u00e9rt vagyok okos?<\/p><p>&nbsp;- Mert szeretlek, s att\u00f3l vagy okos!<\/p><p><br><\/p><p>Elveszi a noteszemet, \u00edrni akar bele, \u00e9s \u00e9n mondom:<\/p><p>&nbsp;- Nem j\u00e1t\u00e9k!<\/p><p>- Nem j\u00e1t\u00e9k, nagyszer\u0171 m\u00f3ka!<\/p><p><br><\/p><p>Mam\u00e1val besz\u00e9lgetnek:<\/p><p>Mama: Aludj n\u00e1lunk ma este, Any\u00e1\u00e9k nem lesznek itthon!<\/p><p>Sarolt: Nem! N\u00e1latok megyek, este visszaj\u00f6v\u00fcnk anyaapa \u00e1gy\u00e1ba alszom. Ez lesz a szab\u00e1ly!<\/p><p><img style=\"width: 309px; height: 230px;\" src=\"https:\/\/saroltvilaga.cafeblog.hu\/files\/Picture2002.jpg\" class=\"blogkep\"><\/p><p><br><\/p><p><br><\/p>","type":"rich"}