{"version":"1.0","provider_name":"Sarolt vil\u00e1ga","provider_url":"https:\/\/saroltvilaga.cafeblog.hu","author_name":"szidike","author_url":"https:\/\/saroltvilaga.cafeblog.hu\/author\/szidianya-2-2\/","title":"Betegs\u00e9g","html":"<p>&nbsp;December v\u00e9g\u00e9n kezd\u0151d\u00f6tt \u00e1rtatlan kis taknyol\u00e1ssal, \u00e9s m\u00e1ra m\u00e1r ott tartok, hogy fizikailag rosszul vagyok, ha elkezd k\u00f6h\u00f6gni, vagy levertebb a szok\u00e1sosn\u00e1l. M\u00e1r a szilvesztert is itthon t\u00f6lt\u00f6tt\u00fck, \u00e9ppen a betegs\u00e9g miatt, hiszen Sarolt k\u00f6h\u00f6g\u00f6tt, folyt az orra, \u00e9s h\u00e1rom h\u00e9tbe telt, mire azt mondtuk, most m\u00e1r meggy\u00f3gyult, \u00e9s vele egy\u00fctt mi is. \u00c9s kb egy h\u00f3nap eltelt\u00e9vel \u00fajra kezd\u0151d\u00f6tt, csak kicsit durv\u00e1bban, \u00e9s m\u00e9g most is tart. Valami mocsok v\u00edrus ker\u00fclget minket ezen a t\u00e9len, nem volt r\u00e9g ilyen, s\u0151t mi\u00f3ta gyerek\u00fcnk van, igaz\u00e1n nem... Most ism\u00e9t arra \u00e9bredt\u00fcnk egy nap, hogy l\u00e1zas, \u00e9s k\u00f6h\u00f6g, az orra nem folyt, de ann\u00e1l ijeszt\u0151bb volt a k\u00f6h\u00f6g\u00e9s, \u00e9s a l\u00e1z, ami egyik \u00e9jszaka 40 fokig emelkedett. Kicsi man\u00f3m annyira rosszul volt, aludni nem tudott, s\u00edrt \u00e9s dob\u00e1lta mag\u00e1t. Sajnos a hideg vizes f\u00fcrd\u0151t nem pr\u00f3b\u00e1ltam ki, f\u00e9ltem t\u0151le, ki tudja, mi\u00e9rt... Pedig biztosan jobb lett volna, mint a gy\u00f3gyszer! \u00c9s ahogy kezdett kicsit jobban lenni, m\u00e1r el is hitt\u00fck magunkat, hogy meggy\u00f3gyult - amit a gyermekorvos is meger\u0151s\u00edtett - kezd\u0151d\u00f6tt a sz\u00e1raz, sz\u0171nni nem akar\u00f3 k\u00f6h\u00f6g\u00e9s, ami szombaton tet\u0151z\u00f6tt. L\u00e1ndzs\u00e1s \u00fatif\u0171 \u00e9s c\u00e9klakivonatot tartalmaz\u00f3 k\u00f6h\u00f6g\u00e9scsillap\u00edt\u00f3t adunk neki, \u00e9s most m\u00e1r annyit el\u00e9rt\u00fcnk, hogy a k\u00f6h\u00f6g\u00e9s nem olyan intenz\u00edv \u00e9s most m\u00e1r felszakad a v\u00e1lad\u00e9k. L\u00e1z m\u00e1r nincs, j\u00f3kedv van, r\u00f3ja a k\u00f6r\u00f6ket a motorral a nappaliban, \u00e9s ism\u00e9t kiab\u00e1l, sikoltozik:)) B\u00edzom a gy\u00f3gyul\u00e1sban, \u00e9s abban, hogy a hossz\u00fa-hossz\u00fa t\u00e9l ut\u00e1n j\u00f6n a tavasz, a napf\u00e9ny, a j\u00f3kedv, \u00e9s az \u00faj lehet\u0151s\u00e9gek:)<br><\/p>","type":"rich"}