{"version":"1.0","provider_name":"Sarolt vil\u00e1ga","provider_url":"https:\/\/saroltvilaga.cafeblog.hu","author_name":"szidike","author_url":"https:\/\/saroltvilaga.cafeblog.hu\/author\/szidianya-2-2\/","title":"M\u00e1sf\u00e9l \u00e9vem","html":"<p>&nbsp;<span style=\"font-family: Verdana;\">2008 augusztus 16-\u00e1n \u00e9jf\u00e9l ut\u00e1n t\u00edz perccel sz\u00fclettem, 2900 grammal \u00e9s 51 centivel. Volt nagy \u00f6r\u00f6m a csal\u00e1dban! Ezen a k\u00e9pen m\u00e1r otthon vagyok a kis\u00e1gyamban.<\/span><\/p><p><span style=\"font-family: Verdana;\"><\/span><img style=\"width: 290px; height: 218px;\" src=\"https:\/\/saroltvilaga.cafeblog.hu\/files\/elsokicsi.jpg\" class=\"blogkep\"><\/p><p style=\"font-weight: bold;\"><span style=\"font-family: Verdana;\">2<\/span><span style=\"font-family: Verdana;\"> h\u00f3nap<\/span><\/p><p><span style=\"font-family: Verdana;\">Nagyon szeretek kint lenni, olyan j\u00f3kat lehet aludni a szabad leveg\u0151n!<\/span><br><\/p><p><img style=\"width: 240px; height: 319px;\" src=\"https:\/\/saroltvilaga.cafeblog.hu\/files\/masodikk.jpg\" class=\"blogkep\"><br><\/p><p style=\"font-weight: bold;\"><span style=\"font-family: Verdana;\">3<\/span><span style=\"font-family: Verdana;\"> h\u00f3nap<\/span><\/p><p><span style=\"font-family: Verdana;\">Nagyon csajos ez a rugi, ugye?<\/span><br><\/p><p><img style=\"width: 222px; height: 296px;\" src=\"https:\/\/saroltvilaga.cafeblog.hu\/files\/harmadikk.jpg\" class=\"blogkep\"><br><\/p><p style=\"font-weight: bold;\"><span style=\"font-family: Verdana;\">4 h\u00f3nap<\/span><\/p><p><span style=\"font-family: Verdana;\">M\u00e1r meg tudom fogni a j\u00e1t\u00e9kaimat...<\/span><br><\/p><p><img style=\"width: 280px; height: 210px;\" src=\"https:\/\/saroltvilaga.cafeblog.hu\/files\/negyedikk.jpg\" class=\"blogkep\"><br><\/p><p>.<span style=\"font-family: Verdana;\">.. \u00e9s \u00fcgyesen emelgetem a mellkasomat. Apa szurkol nekem \u00e9s mindig megdics\u00e9r!<\/span><br><\/p><p><img style=\"width: 391px; height: 293px;\" src=\"https:\/\/saroltvilaga.cafeblog.hu\/files\/negyedik2k.jpg\" class=\"blogkep\"><br><\/p><p style=\"font-weight: bold;\"><span style=\"font-family: Verdana;\">5 h\u00f3nap<\/span><\/p><p><span style=\"font-family: Verdana;\">Tanulm\u00e1nyozom a k\u00f6r\u00fcl\u00f6ttem l\u00e9v\u0151 t\u00e1rgyakat.<\/span><br><\/p><p><img style=\"width: 288px; height: 383px;\" src=\"https:\/\/saroltvilaga.cafeblog.hu\/files\/otodik2k.jpg\" class=\"blogkep\"><br><\/p><p><span style=\"font-family: Verdana;\">Anya seg\u00edts\u00e9g\u00e9vel m\u00e1r \u00fcl\u00f6k, igaz, jobban menne, ha nem lenne ilyen nagy a pocakom...<\/span><br><\/p><p><img style=\"width: 403px; height: 302px;\" src=\"https:\/\/saroltvilaga.cafeblog.hu\/files\/otodikk.jpg\" class=\"blogkep\"><br><\/p><p style=\"font-weight: bold;\"><span style=\"font-family: Verdana;\">6 h\u00f3nap<\/span><\/p><p><span style=\"font-family: Verdana;\">M\u00e1r \u00fcl\u00f6k egyed\u00fcl! Csak tudn\u00e1m, mi\u00e9rt borulok el mindig!<\/span><br><\/p><p><img style=\"width: 310px; height: 413px;\" src=\"https:\/\/saroltvilaga.cafeblog.hu\/files\/hatodik4k.jpg\" class=\"blogkep\"><br><\/p><p><span style=\"font-family: Verdana;\">K\u00f3stolgatom az \u00e9teleket...ez a c\u00e9kla nem valami, rem\u00e9lem finomabbat is adnak!<\/span><br><\/p><p><img style=\"width: 394px; height: 295px;\" src=\"https:\/\/saroltvilaga.cafeblog.hu\/files\/hatodik3k.jpg\" class=\"blogkep\"><br><\/p><p style=\"font-weight: bold;\"><span style=\"font-family: Verdana;\">7 h\u00f3nap<\/span><\/p><p><span style=\"font-family: Verdana;\">Nem is vagyok k\u00f6v\u00e9r, ugye?<\/span><br><\/p><p><img style=\"width: 269px; height: 358px;\" src=\"https:\/\/saroltvilaga.cafeblog.hu\/files\/hetedikk.jpg\" class=\"blogkep\"><\/p><p><span style=\"font-family: Verdana;\">Ilyen vid\u00e1m kiscsaj vagyok!<\/span><br><\/p><p><img style=\"width: 264px; height: 351px;\" src=\"https:\/\/saroltvilaga.cafeblog.hu\/files\/hetedik2k.jpg\" class=\"blogkep\"><br><\/p><p style=\"font-weight: bold;\"><span style=\"font-family: Verdana;\">8 h\u00f3nap<\/span><\/p><p><span style=\"font-family: Verdana;\">Az els\u0151 szil\u00e1rd falatot a szomsz\u00e9dasszony adta a kezembe...Anya majd' el\u00e1jult, de nekem \u00edzlett!<\/span><br><\/p><p><img style=\"width: 280px; height: 373px;\" src=\"https:\/\/saroltvilaga.cafeblog.hu\/files\/nyock.jpg\" class=\"blogkep\"><\/p><p><span style=\"font-family: Verdana;\">A keresztsz\u00fcleimmel<\/span><\/p><p><img style=\"width: 344px; height: 257px;\" src=\"https:\/\/saroltvilaga.cafeblog.hu\/files\/keresztelo.jpg\" class=\"blogkep\"><\/p><p style=\"font-weight: bold;\"><span style=\"font-family: Verdana;\">9 h\u00f3nap<\/span><\/p><p><span style=\"font-family: Verdana;\">\u00c9ppen \u00faton vagyunk Budapest fel\u00e9. Nagyon \u00e9lvezem ezt a kalandot!<\/span><br><\/p><p><img style=\"width: 374px; height: 280px;\" src=\"https:\/\/saroltvilaga.cafeblog.hu\/files\/kilenck.jpg\" class=\"blogkep\"><br><\/p><p><span style=\"font-family: Verdana;\">A csal\u00e1d Budapesten<\/span><br><\/p><p><img style=\"width: 367px; height: 275px;\" src=\"https:\/\/saroltvilaga.cafeblog.hu\/files\/kilenc2k.jpg\" class=\"blogkep\"><br><\/p><p style=\"font-weight: bold;\"><span style=\"font-family: Verdana;\">10 h\u00f3nap<\/span><\/p><p><span style=\"font-family: Verdana;\">Sikasz\u00f3ban<\/span><br><\/p><p><img style=\"width: 359px; height: 278px;\" src=\"https:\/\/saroltvilaga.cafeblog.hu\/files\/tizk.jpg\" class=\"blogkep\"><br><\/p><p style=\"font-weight: bold;\"><span style=\"font-family: Verdana;\">11 h\u00f3nap<\/span><\/p><p><span style=\"font-family: Verdana;\">Nagyon szeretek olvasni<\/span><span style=\"font-family: Verdana;\">, itt \u00e9pp Anya bar\u00e1tn\u0151j\u00e9n\u00e9l n\u00e9zegetem a divatlapokat...<\/span><br><\/p><p><img style=\"width: 288px; height: 384px;\" src=\"https:\/\/saroltvilaga.cafeblog.hu\/files\/tizenegy2k.jpg\" class=\"blogkep\"><br><\/p><p><span style=\"font-family: Verdana;\">Anya 30 \u00e9ves lett!<\/span><br><\/p><p><img style=\"width: 384px; height: 288px;\" src=\"https:\/\/saroltvilaga.cafeblog.hu\/files\/tizenegy3k.jpg\" class=\"blogkep\"><br><\/p><p style=\"font-weight: bold;\"><span style=\"font-family: Verdana;\">12 h\u00f3nap<\/span><\/p><p><span style=\"font-family: Verdana;\">Mire nem j\u00f3 egy cseber...<\/span><br><\/p><p><img style=\"width: 319px; height: 240px;\" src=\"https:\/\/saroltvilaga.cafeblog.hu\/files\/tizenketto2k.jpg\" class=\"blogkep\"><br><\/p><p><span style=\"font-family: Verdana;\">A sz\u00fclinapi tort\u00e1m nagyon finom volt..<\/span>.<br><\/p><p><img style=\"width: 324px; height: 430px;\" src=\"https:\/\/saroltvilaga.cafeblog.hu\/files\/tizenketto4k.jpg\" class=\"blogkep\"><br><\/p><p style=\"font-weight: bold;\"><span style=\"font-family: Verdana;\">13 h\u00f3nap<\/span><\/p><p><span style=\"font-family: Verdana;\">Reggeli tan\u00e1cskoz\u00e1s Any\u00e1val..<\/span>.<br><\/p><p><img style=\"width: 355px; height: 266px;\" src=\"https:\/\/saroltvilaga.cafeblog.hu\/files\/tizenharomk.jpg\" class=\"blogkep\"><\/p><p><br><\/p><p><span style=\"font-family: Verdana;\">Tat\u00e1val szedegetj\u00fck a forg\u00e1csokat...<\/span><br><\/p><p><img style=\"width: 283px; height: 377px;\" src=\"https:\/\/saroltvilaga.cafeblog.hu\/files\/tizenharom2k.jpg\" class=\"blogkep\"><br><\/p><p><span style=\"font-family: Verdana;\">M\u00e1r majdnem megy egyed\u00fcl is...<\/span><br><\/p><p><img style=\"width: 305px; height: 406px;\" src=\"https:\/\/saroltvilaga.cafeblog.hu\/files\/tizenharom3k.jpg\" class=\"blogkep\"><br><\/p><p style=\"font-weight: bold;\"><span style=\"font-family: Verdana;\">14 h\u00f3nap<\/span><\/p><p><span style=\"font-family: Verdana;\">Tanulok vezetni!<\/span><br><\/p><p><img style=\"width: 291px; height: 387px;\" src=\"https:\/\/saroltvilaga.cafeblog.hu\/files\/tizennegyk.jpg\" class=\"blogkep\"><br><\/p><p><span style=\"font-family: Verdana;\"><\/span><span style=\"font-family: Verdana; font-weight: bold;\">15 h\u00f3nap<\/span><\/p><p><span style=\"font-family: Verdana;\">Mondtam m\u00e1r, hogy szeretek olvasni?<\/span><br><\/p><p><img style=\"width: 346px; height: 258px;\" src=\"https:\/\/saroltvilaga.cafeblog.hu\/files\/tizenot2k.jpg\" class=\"blogkep\"><\/p><p><span style=\"font-family: Verdana;\">Bilin \u00fclni is...<\/span><br><\/p><p><img style=\"width: 282px; height: 374px;\" src=\"https:\/\/saroltvilaga.cafeblog.hu\/files\/tizenot3k.jpg\" class=\"blogkep\"><br><\/p><p style=\"font-weight: bold;\"><span style=\"font-family: Verdana;\">16 h\u00f3nap<\/span><\/p><p><span style=\"font-family: Verdana;\">Ez a fot\u00f3 f\u00fcrd\u00e9s ut\u00e1n k\u00e9sz\u00fclt...<\/span><br><\/p><p><img style=\"width: 280px; height: 372px;\" src=\"https:\/\/saroltvilaga.cafeblog.hu\/files\/tizenhat2k.jpg\" class=\"blogkep\"><\/p><p><span style=\"font-family: Verdana;\">Apa k\u00e9sz\u00edtette nekem ezt a sz\u00e1nk\u00f3t, t\u00f6kj\u00f3!<\/span><br><\/p><p><img style=\"width: 275px; height: 366px;\" src=\"https:\/\/saroltvilaga.cafeblog.hu\/files\/tizenhat4k.jpg\" class=\"blogkep\"><\/p><p style=\"font-weight: bold;\"><span style=\"font-family: Verdana;\">17 h\u00f3nap<\/span><\/p><p><span style=\"font-family: Verdana;\">Nagyon szeretek a nagyk\u00e1dban f\u00fcrdeni!<\/span><br><\/p><p><img style=\"width: 297px; height: 223px;\" src=\"https:\/\/saroltvilaga.cafeblog.hu\/files\/tizenhetk.jpg\" class=\"blogkep\"><\/p><p><span style=\"font-family: Verdana;\">Nagyon sz\u00e9p volt a kar\u00e1csonyfa, sz\u00f3hoz se jutottam, csak mutogatni tudtam:)<\/span><br><\/p><p><img style=\"width: 357px; height: 267px;\" src=\"https:\/\/saroltvilaga.cafeblog.hu\/files\/tizenhet2k.jpg\" class=\"blogkep\"><br><\/p><p><span style=\"font-family: Verdana;\">D\u00e9di\u00e9kkel<\/span><br><\/p><p><img style=\"width: 254px; height: 337px;\" src=\"https:\/\/saroltvilaga.cafeblog.hu\/files\/tizenhet3k.jpg\" class=\"blogkep\"><br><\/p><p><span style=\"font-family: Verdana;\">Szeretek f\u0151zni, egyszerre t\u00f6bb fog\u00e1st:))<\/span><br><\/p><p><img style=\"width: 322px; height: 241px;\" src=\"https:\/\/saroltvilaga.cafeblog.hu\/files\/tizenhet4k.jpg\" class=\"blogkep\"><br><\/p><p><span style=\"font-family: Verdana;\">Mi vagyunk!<\/span><br><\/p><p><img style=\"width: 337px; height: 252px;\" src=\"https:\/\/saroltvilaga.cafeblog.hu\/files\/tizenhet6k.jpg\" class=\"blogkep\"><br><\/p><p style=\"font-weight: bold;\"><span style=\"font-family: Verdana;\">18 h\u00f3nap<\/span><\/p><p><span style=\"font-family: Times New Roman;\"><span style=\"font-family: Verdana;\">Szeretek rajzolni...<\/span><\/span><br><\/p><p><img style=\"width: 393px; height: 294px;\" src=\"https:\/\/saroltvilaga.cafeblog.hu\/files\/rajzol.jpg\" class=\"blogkep\"><\/p><p>...<span style=\"font-family: Verdana;\"> f\u0151leg Mam\u00e1val rajzoltatni:)<\/span><br><\/p><p><img style=\"width: 302px; height: 228px;\" src=\"https:\/\/saroltvilaga.cafeblog.hu\/files\/mamaval.jpg\" class=\"blogkep\"><br><\/p><p><span style=\"font-family: Verdana;\">Ennyi jutott most eszembe...ami kimaradt, Anya elmes\u00e9li!<\/span><br><\/p>","type":"rich"}